{"id":819134,"date":"2023-07-25T19:20:16","date_gmt":"2023-07-25T11:20:16","guid":{"rendered":"https:\/\/mqmarble.com\/products\/crema-marble-tiles\/"},"modified":"2023-07-28T19:06:05","modified_gmt":"2023-07-28T11:06:05","slug":"crema-marble-tiles","status":"publish","type":"products","link":"https:\/\/mqmarble.com\/fr\/products\/crema-marble-tiles\/","title":{"rendered":"Carreaux de marbre Crema"},"content":{"rendered":"<p><input type=\"hidden\" id=\"productID\" name=\"productID\" value=\"171088406\" \/><\/p>\n<h3><strong><span style=\"font-size:22px\"><span style=\"line-height:1.6\"><span style=\"font-family:Arial,Helvetica,sans-serif\"><\/span><\/span><\/span><\/strong><\/h3>\n<h3><strong><span style=\"font-size:22px\"><span style=\"line-height:1.6\"><span style=\"font-family:Arial,Helvetica,sans-serif\">Carreaux de sol et de mur en marbre beige perl\u00e9 Crema dans les projets d'h\u00f4tels et de villas<\/span><\/span><\/span><\/strong><\/h3>\n<p><span style=\"line-height:1.6\"><span style=\"font-size:18px\"><span style=\"font-family:Arial,Helvetica,sans-serif\"><\/span><\/span><\/span><\/p>\n<p><span style=\"line-height:1.6\"><span style=\"font-size:18px\"><span style=\"font-family:Arial,Helvetica,sans-serif\">Le marbre beige Crema Pearl est une belle pierre naturelle de couleur cr\u00e8me perl\u00e9e qui d\u00e9gage une impression d'\u00e9l\u00e9gance et de puret\u00e9. Sa texture unique et ses diff\u00e9rentes nuances en font un excellent choix pour les sols et les murs des h\u00f4tels et des villas. Disponibles dans une gamme de tailles, les carreaux de marbre beige perl\u00e9 Crema peuvent \u00eatre personnalis\u00e9s pour s'adapter \u00e0 toutes les pr\u00e9f\u00e9rences en mati\u00e8re de design.<\/span><\/span><\/span><span style=\"line-height:1.6\"><span style=\"font-size:18px\"><span style=\"font-family:Arial,Helvetica,sans-serif\"><\/span><\/span><\/span><\/p>\n<p><span style=\"line-height:1.6\"><span style=\"font-size:18px\"><span style=\"font-family:Arial,Helvetica,sans-serif\">Le marbre Crema Pearl est une option abordable par rapport \u00e0 d'autres marbres beiges, tels que le Crema Marfil d'Espagne. Son prix comp\u00e9titif, inf\u00e9rieur d'environ 50% \u00e0 celui de son homologue espagnol, en fait un choix int\u00e9ressant pour les projets soumis \u00e0 des contraintes budg\u00e9taires. Malgr\u00e9 son prix abordable, les dalles de marbre Crema ne font aucun compromis sur la qualit\u00e9, garantissant un aspect et un toucher luxueux dans toutes les applications.<\/span><\/span><\/span><\/p>\n<p><span style=\"line-height:1.6\"><span style=\"font-size:18px\"><span style=\"font-family:Arial,Helvetica,sans-serif\"><\/span><\/span><\/span><\/p>\n<p><span style=\"line-height:1.6\"><span style=\"font-size:18px\"><span style=\"font-family:Arial,Helvetica,sans-serif\"><img decoding=\"async\" src=\"https:\/\/mqmarble.com\/wp-content\/uploads\/2025\/06\/gpd1r5nz7h_1687683891490.jpg\"  alt=\"Carreaux de marbre Crema\" \/><\/span><\/span><\/span><\/p>\n<p><span style=\"line-height:1.6\"><span style=\"font-size:18px\"><span style=\"font-family:Arial,Helvetica,sans-serif\"><img decoding=\"async\" src=\"https:\/\/mqmarble.com\/wp-content\/uploads\/2025\/06\/7bzvttyww1_1687683896455.jpg\"  alt=\"Carreaux de marbre Crema\" \/><\/span><\/span><\/span><\/p>\n<p><span style=\"line-height:1.6\"><span style=\"font-size:18px\"><span style=\"font-family:Arial,Helvetica,sans-serif\">La couleur \u00e9l\u00e9gante et pure des carreaux de marbre Crema Pearl cr\u00e9e un attrait visuel unique qui peut rehausser n'importe quel espace int\u00e9rieur. Les finitions cr\u00e8me l\u00e9g\u00e8rement diff\u00e9rentes et les diverses nuances de noir que l'on trouve dans ces carreaux ajoutent une touche de sophistication \u00e0 n'importe quel projet d'am\u00e9nagement. Lorsqu'ils sont polis, les carreaux de marbre Crema Pearl Honed pr\u00e9sentent un aspect distingu\u00e9 et raffin\u00e9.<\/span><\/span><\/span><\/p>\n<p><span style=\"line-height:1.6\"><span style=\"font-size:18px\"><span style=\"font-family:Arial,Helvetica,sans-serif\"><img decoding=\"async\" src=\"https:\/\/mqmarble.com\/wp-content\/uploads\/2025\/06\/neohyseu9r_1687683898968.jpg\"  alt=\"Carreaux de marbre Crema\" \/><\/span><\/span><\/span><\/p>\n<h4><span style=\"line-height:1.6\"><span style=\"font-size:18px\"><span style=\"font-family:Arial,Helvetica,sans-serif\"><strong>Pourquoi choisir le marbre Crema Pearl Beige pour vos projets de sols et de murs int\u00e9rieurs ?<\/strong><\/span><\/span><\/span><\/h4>\n<p><span style=\"line-height:1.6\"><span style=\"font-size:18px\"><span style=\"font-family:Arial,Helvetica,sans-serif\"><\/span><\/span><\/span><\/p>\n<p><span style=\"line-height:1.6\"><span style=\"font-size:18px\"><span style=\"font-family:Arial,Helvetica,sans-serif\">Excellent polissage et finition Les carreaux de marbre beige perl\u00e9 Crema peuvent \u00eatre polis pour obtenir une finition lisse et brillante, mettant en valeur leur beaut\u00e9 naturelle. Le polissage et la finition sup\u00e9rieurs de ces carreaux contribuent \u00e0 leur attrait esth\u00e9tique g\u00e9n\u00e9ral, ce qui fait qu'ils restent un choix populaire pour les clients exigeants.<\/span><\/span><\/span><\/p>\n<p><strong><span style=\"line-height:1.6\"><span style=\"font-size:18px\"><span style=\"font-family:Arial,Helvetica,sans-serif\">Faible absorption d'eau <\/span><\/span><\/span><\/strong><\/p>\n<p><span style=\"line-height:1.6\"><span style=\"font-size:18px\"><span style=\"font-family:Arial,Helvetica,sans-serif\">Le faible taux d'absorption d'eau des carreaux de marbre beige Crema Pearl en fait un choix id\u00e9al pour les zones expos\u00e9es \u00e0 l'humidit\u00e9, telles que les salles de bains et les cuisines. Cette caract\u00e9ristique garantit que les carreaux conserveront leur apparence et leur int\u00e9grit\u00e9 m\u00eame dans des conditions humides.<\/span><\/span><\/span><\/p>\n<p><strong><span style=\"line-height:1.6\"><span style=\"font-size:18px\"><span style=\"font-family:Arial,Helvetica,sans-serif\">La polyvalence dans la conception <\/span><\/span><\/span><\/strong><\/p>\n<p><span style=\"line-height:1.6\"><span style=\"font-size:18px\"><span style=\"font-family:Arial,Helvetica,sans-serif\">Les carreaux de marbre beige perl\u00e9 Crema peuvent \u00eatre associ\u00e9s \u00e0 d'autres couleurs compl\u00e9mentaires, telles que Dark Emperador, Indian Green et Rose Alicante, pour cr\u00e9er un design harmonieux et visuellement attrayant. La polyvalence de ces carreaux leur permet de s'adapter \u00e0 un large \u00e9ventail d'applications, qu'il s'agisse de projets r\u00e9sidentiels ou de b\u00e2timents commerciaux.<\/span><\/span><\/span><\/p>\n<p><strong><span style=\"line-height:1.6\"><span style=\"font-size:18px\"><span style=\"font-family:Arial,Helvetica,sans-serif\">Un service et une assistance \u00e0 la client\u00e8le exceptionnels <\/span><\/span><\/span><\/strong><\/p>\n<p><span style=\"line-height:1.6\"><span style=\"font-size:18px\"><span style=\"font-family:Arial,Helvetica,sans-serif\">Lorsque vous choisissez les carreaux de marbre Crema Pearl Beige pour votre projet, vous pouvez vous attendre \u00e0 un service client\u00e8le et \u00e0 une assistance de premier ordre de la part de notre usine. Nous nous engageons \u00e0 fournir le meilleur prix et le meilleur service possible \u00e0 nos clients, en veillant \u00e0 ce que votre exp\u00e9rience soit transparente et agr\u00e9able.<\/span><\/span><\/span><\/p>\n<p>&nbsp;<\/p>\n<p><iframe src=\"https:\/\/www.youtube.com\/embed\/k0Alhnypxak\" title=\"Fabrique de carreaux de marbre naturel\" allow=\"accelerometer; autoplay; clipboard-write; encrypted-media; gyroscope; picture-in-picture; web-share\" allowfullscreen=\"true\" longdesc=\"Chinese Natural Marble Factory-MQ STONE\" scrolling=\"no\" name=\"Beige Marble Tiles Factory\" width=\"1000\" height=\"480\" frameborder=\"0\"><\/iframe><\/p>\n<p>&nbsp;<\/p>\n<p>&nbsp;<\/p>\n<p><span class=\"wmkc-bg-blue\"><\/span><\/p>\n<h5 class=\"wmkc-blue\">Dimensions standard des carreaux de marbre naturel<\/h5>\n<p>&nbsp;<\/p>\n<p>&nbsp;<\/p>\n<table cellspacing=\"0\" cellpadding=\"0\" border=\"2\" class=\"table\">\n<tbody>\n<tr class=\"firstRow\">\n<td style=\"vertical-align:center\">\n<p><span style=\"line-height:1.6\"><span style=\"font-size:18px\"><span style=\"font-family:Arial,Helvetica,sans-serif\">Nom du produit&nbsp;<\/span><\/span><\/span><\/p>\n<\/td>\n<td style=\"vertical-align:center\">\n<p><span style=\"line-height:1.6\"><span style=\"font-size:18px\"><span style=\"font-family:Arial,Helvetica,sans-serif\">Marbre cr\u00e9meux perl\u00e9<\/span><\/span><\/span><\/p>\n<\/td>\n<\/tr>\n<tr>\n<td colspan=\"1\" rowspan=\"1\" style=\"vertical-align:center\"><span style=\"line-height:1.6\"><span style=\"font-size:18px\"><span style=\"font-family:Arial,Helvetica,sans-serif\">Lieu d'origine&nbsp;<\/span><\/span><\/span><\/td>\n<td colspan=\"1\" rowspan=\"1\" style=\"vertical-align:center\"><span style=\"line-height:1.6\"><span style=\"font-size:18px\"><span style=\"font-family:Arial,Helvetica,sans-serif\">Turquie&nbsp;<\/span><\/span><\/span><\/td>\n<\/tr>\n<tr>\n<td style=\"vertical-align:center\">\n<p><span style=\"line-height:1.6\"><span style=\"font-size:18px\"><span style=\"font-family:Arial,Helvetica,sans-serif\">Couleurs&nbsp;<\/span><\/span><\/span><\/p>\n<\/td>\n<td style=\"vertical-align:center\">\n<p><span style=\"line-height:1.6\"><span style=\"font-size:18px\"><span style=\"font-family:Arial,Helvetica,sans-serif\">Beige&nbsp;<\/span><\/span><\/span><\/p>\n<\/td>\n<\/tr>\n<tr>\n<td colspan=\"1\" rowspan=\"1\" style=\"vertical-align:center\"><span style=\"line-height:1.6\"><span style=\"font-size:18px\"><span style=\"font-family:Arial,Helvetica,sans-serif\">Utilisation<\/span><\/span><\/span><\/td>\n<td colspan=\"1\" rowspan=\"1\" style=\"vertical-align:center\"><span style=\"line-height:1.6\"><span style=\"font-size:18px\"><span style=\"font-family:Arial,Helvetica,sans-serif\">Carreaux de mur, carreaux de sol, comptoirs, etc.&nbsp;<\/span><\/span><\/span><\/td>\n<\/tr>\n<tr>\n<td style=\"vertical-align:center\">\n<p><span style=\"line-height:1.6\"><span style=\"font-size:18px\"><span style=\"font-family:Arial,Helvetica,sans-serif\">\u00c9chantillon<\/span><\/span><\/span><\/p>\n<\/td>\n<td style=\"vertical-align:center\">\n<p><span style=\"line-height:1.6\"><span style=\"font-size:18px\"><span style=\"font-family:Arial,Helvetica,sans-serif\">Gratuit&nbsp;<\/span><\/span><\/span><\/p>\n<\/td>\n<\/tr>\n<tr>\n<td colspan=\"1\" rowspan=\"1\" style=\"vertical-align:center\"><span style=\"line-height:1.6\"><span style=\"font-size:18px\"><span style=\"font-family:Arial,Helvetica,sans-serif\">Dimension<\/span><\/span><\/span><\/td>\n<td colspan=\"1\" rowspan=\"1\" style=\"vertical-align:center\">\n<p><span style=\"line-height:1.6\"><span style=\"font-size:18px\"><span style=\"font-family:Arial,Helvetica,sans-serif\">305x305mm, 610x610mm ou sur mesure&nbsp;<\/span><\/span><\/span><\/p>\n<\/td>\n<\/tr>\n<tr>\n<td colspan=\"1\" rowspan=\"1\" style=\"vertical-align:center\">\n<p><span style=\"line-height:1.6\"><span style=\"font-size:18px\"><span style=\"font-family:Arial,Helvetica,sans-serif\"><span style=\"background-color:#ffffff\">Donn\u00e9es techniques<\/span><\/span><\/span><\/span><\/p>\n<\/td>\n<td colspan=\"1\" rowspan=\"1\" style=\"vertical-align:center\">\n<p><span style=\"line-height:1.6\"><span style=\"font-size:18px\"><span style=\"font-family:Arial,Helvetica,sans-serif\">R\u00e9sistance \u00e0 la compression(C.S):131.2Mpa<\/span><\/span><\/span><\/p>\n<p><span style=\"line-height:1.6\"><span style=\"font-size:18px\"><span style=\"font-family:Arial,Helvetica,sans-serif\">Module de rupture (M.R.):17.8Mpa<\/span><\/span><\/span><\/p>\n<p><span style=\"line-height:1.6\"><span style=\"font-size:18px\"><span style=\"font-family:Arial,Helvetica,sans-serif\">Absorption d'eau : 0,53%<\/span><\/span><\/span><\/p>\n<p><span style=\"line-height:1.6\"><span style=\"font-size:18px\"><span style=\"font-family:Arial,Helvetica,sans-serif\">Densit\u00e9 : 2,60g\/cm3<\/span><\/span><\/span><\/p>\n<\/td>\n<\/tr>\n<tr>\n<td style=\"vertical-align:center\">\n<p><span style=\"line-height:1.6\"><span style=\"font-size:18px\"><span style=\"font-family:Arial,Helvetica,sans-serif\">Soutien au service<\/span><\/span><\/span><\/p>\n<\/td>\n<td style=\"vertical-align:center\">\n<p><span style=\"line-height:1.6\"><span style=\"font-size:18px\"><span style=\"font-family:Arial,Helvetica,sans-serif\">\u00c9quipe professionnelle de CAO et de contr\u00f4le de la qualit\u00e9<\/span><\/span><\/span><\/p>\n<\/td>\n<\/tr>\n<tr>\n<td style=\"vertical-align:center\">\n<p><span style=\"line-height:1.6\"><span style=\"font-size:18px\"><span style=\"font-family:Arial,Helvetica,sans-serif\">Poids d'un conteneur de 20 pieds&nbsp;<\/span><\/span><\/span><\/p>\n<\/td>\n<td style=\"vertical-align:center\">\n<p><span style=\"line-height:1.6\"><span style=\"font-size:18px\"><span style=\"font-family:Arial,Helvetica,sans-serif\">Environ 17 tonnes \u00e0 26 tonnes<\/span><\/span><\/span><\/p>\n<\/td>\n<\/tr>\n<tr>\n<td style=\"vertical-align:center\">\n<p><span style=\"line-height:1.6\"><span style=\"font-size:18px\"><span style=\"font-family:Arial,Helvetica,sans-serif\">Paquet standard&nbsp;<\/span><\/span><\/span><\/p>\n<\/td>\n<td style=\"vertical-align:center\">\n<p><span style=\"line-height:1.6\"><span style=\"font-size:18px\"><span style=\"font-family:Arial,Helvetica,sans-serif\">Caisse en bois en \u00e9tat de navigabilit\u00e9 avec des ballots<\/span><\/span><\/span><\/p>\n<\/td>\n<\/tr>\n<tr>\n<td colspan=\"1\" rowspan=\"1\" style=\"vertical-align:center\"><span style=\"line-height:1.6\"><span style=\"font-size:18px\"><span style=\"font-family:Arial,Helvetica,sans-serif\">Norme de qualit\u00e9<\/span><\/span><\/span><\/td>\n<td colspan=\"1\" rowspan=\"1\" style=\"vertical-align:center\">\n<p><span style=\"line-height:1.6\"><span style=\"font-size:18px\"><span style=\"font-family:Arial,Helvetica,sans-serif\">Degr\u00e9 de polissage : 85 degr\u00e9s vers le haut<\/span><\/span><\/span><\/p>\n<p><span style=\"line-height:1.6\"><span style=\"font-size:18px\"><span style=\"font-family:Arial,Helvetica,sans-serif\">Tol\u00e9rance d'\u00e9paisseur : +\/-1m<\/span><\/span><\/span><\/p>\n<\/td>\n<\/tr>\n<tr>\n<td style=\"vertical-align:center\">\n<p><span style=\"line-height:1.6\"><span style=\"font-size:18px\"><span style=\"font-family:Arial,Helvetica,sans-serif\">Conditions commerciales<\/span><\/span><\/span><\/p>\n<\/td>\n<td style=\"vertical-align:center\"><span style=\"line-height:1.6\"><span style=\"font-size:18px\"><span style=\"font-family:Arial,Helvetica,sans-serif\">FOB, EXW, ou n\u00e9gociation&nbsp;<\/span><\/span><\/span><\/td>\n<\/tr>\n<tr>\n<td colspan=\"1\" rowspan=\"1\" style=\"vertical-align:center\"><span style=\"line-height:1.6\"><span style=\"font-size:18px\"><span style=\"font-family:Arial,Helvetica,sans-serif\">Conditions de paiement&nbsp;<\/span><\/span><\/span><\/td>\n<td colspan=\"1\" rowspan=\"1\" style=\"vertical-align:center\">\n<p><span style=\"line-height:1.6\"><span style=\"font-size:18px\"><span style=\"font-family:Arial,Helvetica,sans-serif\">T\/T&nbsp;<\/span><\/span><\/span><\/p>\n<\/td>\n<\/tr>\n<tr>\n<td colspan=\"1\" rowspan=\"1\" style=\"vertical-align:center\"><span style=\"line-height:1.6\"><span style=\"font-size:18px\"><span style=\"font-family:Arial,Helvetica,sans-serif\">D\u00e9lai de livraison&nbsp;<\/span><\/span><\/span><\/td>\n<td colspan=\"1\" rowspan=\"1\" style=\"vertical-align:center\">\n<p><span style=\"line-height:1.6\"><span style=\"font-size:18px\"><span style=\"font-family:Arial,Helvetica,sans-serif\">dans un d\u00e9lai de 10 \u00e0 20 jours apr\u00e8s confirmation de la commande&nbsp;<\/span><\/span><\/span><\/p>\n<\/td>\n<\/tr>\n<\/tbody>\n<\/table>\n<p><span style=\"line-height:1.6\"><span style=\"font-size:18px\"><span style=\"font-family:Arial,Helvetica,sans-serif\"><\/span><\/span><\/span><\/p>\n<p>&nbsp;<\/p>\n<p><span class=\"wmkc-bg-blue\"><\/span><\/p>\n<h5 class=\"wmkc-blue\">Carreaux de rev\u00eatement de sol et de rev\u00eatement de fa\u00e7ade en marbre naturel Factory<\/h5>\n<p>&nbsp;<\/p>\n<p>&nbsp;<\/p>\n<p>&nbsp;<\/p>\n<p><span style=\"line-height:1.6\"><span style=\"font-size:18px\"><span style=\"font-family:Arial,Helvetica,sans-serif\"><strong>FAQ<\/strong><\/span><\/span><\/span><\/p>\n<p><span style=\"line-height:1.6\"><span style=\"font-size:18px\"><span style=\"font-family:Arial,Helvetica,sans-serif\">1. Q : Quelle est votre politique en mati\u00e8re d'\u00e9chantillons et quel est le d\u00e9lai de livraison des \u00e9chantillons ?<\/span><\/span><\/span><\/p>\n<p><span style=\"line-height:1.6\"><span style=\"font-size:18px\"><span style=\"font-family:Arial,Helvetica,sans-serif\">&nbsp; R : Les petits \u00e9chantillons sont gratuits. M\u00eame les frais de courrier seront rembours\u00e9s apr\u00e8s que vous aurez pass\u00e9 la commande. Le d\u00e9lai de livraison d'un petit \u00e9chantillon est de 1 \u00e0 3 jours.<\/span><\/span><\/span><\/p>\n<p><span style=\"line-height:1.6\"><span style=\"font-size:18px\"><span style=\"font-family:Arial,Helvetica,sans-serif\"><\/span><\/span><\/span><\/p>\n<p><span style=\"line-height:1.6\"><span style=\"font-size:18px\"><span style=\"font-family:Arial,Helvetica,sans-serif\">2. Q : Quelle est la quantit\u00e9 minimale de commande ?<\/span><\/span><\/span><\/p>\n<p><span style=\"line-height:1.6\"><span style=\"font-size:18px\"><span style=\"font-family:Arial,Helvetica,sans-serif\">R : Habituellement 50 m\u00e8tres carr\u00e9s, les commandes d'essai sont accept\u00e9es.<\/span><\/span><\/span><\/p>\n<p><span style=\"line-height:1.6\"><span style=\"font-size:18px\"><span style=\"font-family:Arial,Helvetica,sans-serif\"><\/span><\/span><\/span><\/p>\n<p><span style=\"line-height:1.6\"><span style=\"font-size:18px\"><span style=\"font-family:Arial,Helvetica,sans-serif\">3. Q : Quel est votre principal port ?&nbsp;<\/span><\/span><\/span><\/p>\n<p><span style=\"line-height:1.6\"><span style=\"font-size:18px\"><span style=\"font-family:Arial,Helvetica,sans-serif\">&nbsp; R : Le port principal est le port de Xiamen.&nbsp;<\/span><\/span><\/span><\/p>\n<p><span style=\"line-height:1.6\"><span style=\"font-size:18px\"><span style=\"font-family:Arial,Helvetica,sans-serif\"><\/span><\/span><\/span><\/p>\n<p><span style=\"line-height:1.6\"><span style=\"font-size:18px\"><span style=\"font-family:Arial,Helvetica,sans-serif\">4. Q : Conditions de paiement ?<\/span><\/span><\/span><\/p>\n<p><span style=\"line-height:1.6\"><span style=\"font-size:18px\"><span style=\"font-family:Arial,Helvetica,sans-serif\">&nbsp; &nbsp; &nbsp;30% Paiement anticip\u00e9 T\/T et solde contre copie B\/L ou L\/C \u00e0 vue, pour d'autres conditions, n'h\u00e9sitez pas \u00e0 nous contacter.<\/span><\/span><\/span><\/p>\n<p><span style=\"line-height:1.6\"><span style=\"font-size:18px\"><span style=\"font-family:Arial,Helvetica,sans-serif\">5. Q : Pourquoi nous choisir ?<\/span><\/span><\/span><\/p>\n<p><span style=\"line-height:1.6\"><span style=\"font-size:18px\"><span style=\"font-family:Arial,Helvetica,sans-serif\">a. Nous sommes une entreprise professionnelle de pierres naturelles depuis 1996 ;<\/span><\/span><\/span><\/p>\n<p><span style=\"line-height:1.6\"><span style=\"font-size:18px\"><span style=\"font-family:Arial,Helvetica,sans-serif\">b. Des travailleurs exp\u00e9riment\u00e9s et une \u00e9quipe de direction efficace ;<\/span><\/span><\/span><\/p>\n<p><span style=\"line-height:1.6\"><span style=\"font-size:18px\"><span style=\"font-family:Arial,Helvetica,sans-serif\">c. Une \u00e9quipe ind\u00e9pendante de contr\u00f4le de la qualit\u00e9 ;<\/span><\/span><\/span><\/p>\n<p><span style=\"line-height:1.6\"><span style=\"font-size:18px\"><span style=\"font-family:Arial,Helvetica,sans-serif\">d. Une grande exp\u00e9rience des grands projets.<\/span><\/span><\/span><\/p>\n<p><span style=\"line-height:1.6\"><span style=\"font-size:18px\"><span style=\"font-family:Arial,Helvetica,sans-serif\"><img decoding=\"async\" src=\"https:\/\/mqmarble.com\/wp-content\/uploads\/2025\/06\/vto3qk1212_1687683901234.jpg\"  alt=\"Carreaux de marbre Crema\" \/><\/span><\/span><\/span><\/p>\n<p><span style=\"line-height:1.6\"><span style=\"font-size:18px\"><span style=\"font-family:Arial,Helvetica,sans-serif\"><img decoding=\"async\" src=\"https:\/\/mqmarble.com\/wp-content\/uploads\/2025\/06\/79zrjg3u86_1687683903190.jpg\"  alt=\"Carreaux de marbre Crema\" \/><\/span><\/span><\/span><\/p>\n<p><span style=\"line-height:1.6\"><span style=\"font-size:18px\"><span style=\"font-family:Arial,Helvetica,sans-serif\"><img decoding=\"async\" src=\"https:\/\/mqmarble.com\/wp-content\/uploads\/2025\/06\/jlp3viwnu8_1687683904761.jpg\"  alt=\"Carreaux de marbre Crema\" \/><\/span><\/span><\/span><\/p>\n<p><span style=\"line-height:1.6\"><span style=\"font-size:18px\"><span style=\"font-family:Arial,Helvetica,sans-serif\"><\/span><\/span><\/span><\/p>\n<p><span style=\"line-height:1.6\"><span style=\"font-size:18px\"><span style=\"font-family:Arial,Helvetica,sans-serif\"><img decoding=\"async\" src=\"https:\/\/mqmarble.com\/wp-content\/uploads\/2025\/06\/o6dhdc8s54_1687683908225.jpg\"  alt=\"Carreaux de marbre Crema\" \/><\/span><\/span><\/span><\/p>\n<p><span style=\"line-height:1.6\"><span style=\"font-size:18px\"><span style=\"font-family:Arial,Helvetica,sans-serif\"><\/span><\/span><\/span><span style=\"line-height:1.6\"><span style=\"font-size:18px\"><span style=\"font-family:Arial,Helvetica,sans-serif\">Les carreaux de sol et de mur en marbre beige perl\u00e9 Crema sont le choix id\u00e9al pour les projets d'h\u00f4tels et de villas, car ils offrent une esth\u00e9tique unique et \u00e9l\u00e9gante, une grande durabilit\u00e9 et d'excellentes performances \u00e0 un prix abordable. Si vous \u00eates \u00e0 la recherche d'un marbre beige sophistiqu\u00e9 et rentable pour votre prochain projet, pensez aux carreaux de marbre beige perl\u00e9 Crema. Contactez-nous d\u00e8s aujourd'hui pour en savoir plus sur cette pierre naturelle exceptionnelle et sur les services que nous proposons.<\/span><\/span><\/span><\/p>\n<p><img decoding=\"async\" src=\"https:\/\/mqmarble.com\/wp-content\/uploads\/2025\/06\/lcgqbhjiej_1687683910193.jpg\"  alt=\"Carreaux de marbre Crema\" \/><\/p>\n<p><span style=\"line-height:1.6\"><span style=\"font-size:18px\"><span style=\"font-family:Arial,Helvetica,sans-serif\"><\/span><\/span><\/span><\/p>\n<p><span style=\"line-height:1.6\"><span style=\"font-size:18px\"><span style=\"font-family:Arial,Helvetica,sans-serif\"><\/span><\/span><\/span><\/p>","protected":false},"excerpt":{"rendered":"<p>Le marbre beige Crema Pearl, \u00e9galement connu sous le nom de marbre cr\u00e8me perl\u00e9, est une pierre naturelle \u00e9l\u00e9gante et sophistiqu\u00e9e qui pr\u00e9sente une l\u00e9g\u00e8re teinte cr\u00e8me perl\u00e9e. Sa texture unique et ses nuances vari\u00e9es en font un choix id\u00e9al pour les projets d'h\u00f4tels et de villas. Ce marbre beige abordable et de haute qualit\u00e9 pr\u00e9sente d'excellentes propri\u00e9t\u00e9s esth\u00e9tiques, une r\u00e9sistance \u00e9lev\u00e9e \u00e0 la compression et une faible absorption d'eau, ce qui le rend parfait pour les applications r\u00e9sidentielles et commerciales.<br \/>\nMarbre naturel : Crema Pearl Marble Pour sols et rev\u00eatements muraux Panneaux de carrelage<br \/>\nCouleur : cr\u00e8me<br \/> <br \/>\nDimensions disponibles : 12\u2033x12\u2033,12\u2033x24\u2033 ou grande dalle<br \/>\nFinition : poli, fendu naturel, lavage \u00e0 l'acide<br \/> <br \/>\nDisponibilit\u00e9 : en stock <br \/>\nApplication : Murs et sols pour les projets r\u00e9sidentiels et commerciaux<\/p>","protected":false},"featured_media":622105,"template":"","adweb_product_categories":[110947],"adweb_product_tags":[96291,98397,98394,96294,96868,98396,96293,96836,98395,96292,98398,96295],"class_list":["post-819134","products","type-products","status-publish","has-post-thumbnail","hentry","adweb_product_cat-marble","adweb_product_tag-china","adweb_product_tag-china-granite-curbstone","adweb_product_tag-crema-marble-tiles","adweb_product_tag-factory","adweb_product_tag-grey-granite","adweb_product_tag-lemurian-blue-slabs","adweb_product_tag-manufacturers","adweb_product_tag-mother-of-pearl-mosaic-bathroom","adweb_product_tag-royal-wood-grain-marble","adweb_product_tag-suppliers","adweb_product_tag-white-marble-top-dining-table","adweb_product_tag-wholesale"],"gallery":[622105,622146,622187,622228,622269,622310],"order":"0","acf":[],"_links":{"self":[{"href":"https:\/\/mqmarble.com\/fr\/wp-json\/wp\/v2\/adweb_products\/819134","targetHints":{"allow":["GET"]}}],"collection":[{"href":"https:\/\/mqmarble.com\/fr\/wp-json\/wp\/v2\/adweb_products"}],"about":[{"href":"https:\/\/mqmarble.com\/fr\/wp-json\/wp\/v2\/types\/products"}],"wp:featuredmedia":[{"embeddable":true,"href":"https:\/\/mqmarble.com\/fr\/wp-json\/wp\/v2\/media\/622105"}],"wp:attachment":[{"href":"https:\/\/mqmarble.com\/fr\/wp-json\/wp\/v2\/media?parent=819134"}],"wp:term":[{"taxonomy":"adweb_product_cat","embeddable":true,"href":"https:\/\/mqmarble.com\/fr\/wp-json\/wp\/v2\/adweb_product_categories?post=819134"},{"taxonomy":"adweb_product_tag","embeddable":true,"href":"https:\/\/mqmarble.com\/fr\/wp-json\/wp\/v2\/adweb_product_tags?post=819134"}],"curies":[{"name":"wp","href":"https:\/\/api.w.org\/{rel}","templated":true}]}}